{"id":18620,"date":"2025-12-21T11:25:20","date_gmt":"2025-12-21T14:25:20","guid":{"rendered":"https:\/\/mountainhouse.cl\/?post_type=product&#038;p=18620"},"modified":"2026-01-13T12:46:29","modified_gmt":"2026-01-13T15:46:29","slug":"saco-de-dormir-de-pluma-klimatic-iii-wmns-mountain-equipment","status":"publish","type":"product","link":"https:\/\/mountainhouse.cl\/en\/product\/saco-de-dormir-de-pluma-klimatic-iii-wmns-mountain-equipment\/","title":{"rendered":"SACO DE DORMIR SINTETICO KLIMATIC III WMNS MOUNTAIN EQUIPMENT"},"content":{"rendered":"<h5 data-path-to-node=\"2\"><b data-path-to-node=\"2\" data-index-in-node=\"0\">Saco de Dormir Klimatic III \u2013 Calidez Sint\u00e9tica y M\u00e1xima Resistencia<\/b><\/h5>\n<p>&nbsp;<\/p>\n<ul class=\"icon_with_text text-black text-md product__details__icon-text\">\n<li class=\"flex-grow flex flex-row w-full items-center gap-y-2 text-left mb-2\"><strong><picture class=\"only:my-auto o-picture\"><img decoding=\"async\" class=\"o-img\" src=\"https:\/\/www.mountain-equipment.com\/cdn\/shop\/files\/mountain.png?height=28&amp;v=1683120855&amp;width=28\" sizes=\"28px\" srcset=\"\/\/www.mountain-equipment.com\/cdn\/shop\/files\/mountain.png?height=28&amp;v=1683120855&amp;width=28 28w\" alt=\"\" width=\"28\" height=\"28\" data-src=\"\/\/www.mountain-equipment.com\/cdn\/shop\/files\/mountain.png?height=28&amp;v=1683120855&amp;width=28\" data-srcset=\"\/\/www.mountain-equipment.com\/cdn\/shop\/files\/mountain.png?height=28&amp;v=1683120855&amp;width=28 28w\" \/> Ideal para: Mochileros y trekking<\/picture><\/strong><\/li>\n<li class=\"flex-grow flex flex-row w-full items-center gap-y-2 text-left mb-2\"><strong><picture class=\"only:my-auto o-picture\"><img decoding=\"async\" class=\"o-img\" src=\"https:\/\/www.mountain-equipment.com\/cdn\/shop\/files\/weight.png?height=28&amp;v=1683120855&amp;width=28\" sizes=\"28px\" srcset=\"\/\/www.mountain-equipment.com\/cdn\/shop\/files\/weight.png?height=28&amp;v=1683120855&amp;width=28 28w\" alt=\"\" width=\"28\" height=\"28\" data-src=\"\/\/www.mountain-equipment.com\/cdn\/shop\/files\/weight.png?height=28&amp;v=1683120855&amp;width=28\" data-srcset=\"\/\/www.mountain-equipment.com\/cdn\/shop\/files\/weight.png?height=28&amp;v=1683120855&amp;width=28 28w\" \/> Peso: 1220 g\/2 lb 11 oz (normal), 1300 g\/2 lb 13,9 oz (largo)<\/picture><\/strong><\/li>\n<li class=\"flex-grow flex flex-row w-full items-center gap-y-2 text-left mb-2\"><strong><picture class=\"only:my-auto o-picture\"><img decoding=\"async\" class=\"o-img\" src=\"https:\/\/www.mountain-equipment.com\/cdn\/shop\/files\/MicrosoftTeams-image_17.jpg?height=28&amp;v=1694090858&amp;width=28\" sizes=\"28px\" srcset=\"\/\/www.mountain-equipment.com\/cdn\/shop\/files\/MicrosoftTeams-image_17.jpg?height=28&amp;v=1694090858&amp;width=28 28w\" alt=\"Term\u00f3metro\" width=\"28\" height=\"28\" data-src=\"\/\/www.mountain-equipment.com\/cdn\/shop\/files\/MicrosoftTeams-image_17.jpg?height=28&amp;v=1694090858&amp;width=28\" data-srcset=\"\/\/www.mountain-equipment.com\/cdn\/shop\/files\/MicrosoftTeams-image_17.jpg?height=28&amp;v=1694090858&amp;width=28 28w\" \/> Temperatura para dormir bien: -6 \u00b0C\/21 \u00b0F<\/picture><\/strong><\/li>\n<\/ul>\n<h6 data-path-to-node=\"3\"><b data-path-to-node=\"3\" data-index-in-node=\"0\">El est\u00e1ndar de eficiencia para climas h\u00famedos y senderismo de altura<\/b><\/h6>\n<p data-path-to-node=\"4\">El <b data-path-to-node=\"4\" data-index-in-node=\"3\">Klimatic III<\/b> es un saco de dormir dise\u00f1ado para quienes no permiten que el clima dicte sus planes. Gracias a su aislamiento sint\u00e9tico <b data-path-to-node=\"4\" data-index-in-node=\"137\">POLARLOFT\u00ae<\/b>, es la opci\u00f3n ideal para expediciones en la Patagonia donde la humedad puede ser un factor cr\u00edtico, ofreciendo una calidez constante y una durabilidad excepcional en cada traves\u00eda.<\/p>\n<h6 data-path-to-node=\"5\"><b data-path-to-node=\"5\" data-index-in-node=\"0\">Ingenier\u00eda T\u00e9cnica para el Descanso<\/b><\/h6>\n<ul data-path-to-node=\"6\">\n<li>\n<p data-path-to-node=\"6,0,0\"><b data-path-to-node=\"6,0,0\" data-index-in-node=\"0\">Aislamiento POLARLOFT\u00ae (90% Reciclado):<\/b> Relleno de alto rendimiento que mantiene sus propiedades t\u00e9rmicas incluso si se humedece, siendo mucho m\u00e1s resistente y f\u00e1cil de mantener que la pluma tradicional.<\/p>\n<\/li>\n<li>\n<p data-path-to-node=\"6,1,0\"><b data-path-to-node=\"6,1,0\" data-index-in-node=\"0\">Construcci\u00f3n de Capas en Olas:<\/b> Su dise\u00f1o de capas solapadas garantiza que no existan &#8220;puntos fr\u00edos&#8221;, atrapando el calor de manera uniforme en todo el cuerpo.<\/p>\n<\/li>\n<li>\n<p data-path-to-node=\"6,2,0\"><b data-path-to-node=\"6,2,0\" data-index-in-node=\"0\">Tejidos 100% Reciclados:<\/b> Exterior y forro de tejido 20D ultra duradero, c\u00f3modo y consciente con el medio ambiente.<\/p>\n<\/li>\n<li>\n<p data-path-to-node=\"6,3,0\"><b data-path-to-node=\"6,3,0\" data-index-in-node=\"0\">Corte Alpine Fit:<\/b> Un ajuste anat\u00f3mico que maximiza la eficiencia t\u00e9rmica al reducir el volumen de aire innecesario, permitiendo que el saco se caliente m\u00e1s r\u00e1pido.<\/p>\n<\/li>\n<li>\n<p data-path-to-node=\"6,4,0\"><b data-path-to-node=\"6,4,0\" data-index-in-node=\"0\">Confort Anat\u00f3mico:<\/b> Capucha y reposapi\u00e9s dise\u00f1ados siguiendo la forma natural del cuerpo para un descanso sin restricciones y m\u00e1xima retenci\u00f3n del calor.<\/p>\n<\/li>\n<li>\n<p data-path-to-node=\"6,5,0\"><b data-path-to-node=\"6,5,0\" data-index-in-node=\"0\">Sello T\u00e9rmico:<\/b> Cremallera con deflector de longitud completa y cuello t\u00e9rmico integrado para bloquear cualquier entrada de aire fr\u00edo.<\/p>\n<\/li>\n<\/ul>\n<p>Ideal para: Senderismo y trekking en la monta\u00f1a, carreras de monta\u00f1a, monta\u00f1ismo.<\/p>\n<p><strong><span style=\"font-size: 17.6px;\">Rendimiento y especificaciones<\/span><\/strong><\/p>\n<div class=\"c-wysiwyg c-wysiwyg--feature-tab-content c-wysiwyg--feature-tab-content-md pt-5 pb-5 lg:pr-8 lg:pl-8\">\n<div class=\"text-md\">\n<div class=\"metafield-rich_text_field\">\n<p><strong><span dir=\"auto\">Tama\u00f1o del usuario:<\/span><\/strong><\/p>\n<ul>\n<li><span dir=\"auto\">Regular: <strong>180 cm\/71 pulgadas<\/strong><\/span><\/li>\n<li><span dir=\"auto\">Largo: <strong>195 cm\/77 pulgadas<\/strong><\/span><\/li>\n<\/ul>\n<p><strong><span dir=\"auto\">Clasificaciones de temperatura (EN13537\/ISO23537):<\/span><\/strong><\/p>\n<ul>\n<li><strong><span dir=\"auto\">Comfort: 1\u00b0C\/34\u00b0F<\/span><\/strong><\/li>\n<li><strong><span dir=\"auto\">L\u00edmite de confort: -5\u00b0C\/23\u00b0F<\/span><\/strong><\/li>\n<li><strong><span dir=\"auto\">Extremo: -22 \u00b0C\/-8 \u00b0F<\/span><\/strong><\/li>\n<\/ul>\n<p><strong>Caracteristicas.<\/strong><\/p>\n<ul>\n<li><span dir=\"auto\"><span dir=\"auto\">Aislamiento sint\u00e9tico <strong>POLARLOFT\u00ae 90%<\/strong> reciclado<\/span><\/span><\/li>\n<li><span dir=\"auto\"><span dir=\"auto\">La tela del forro y la carcasa <strong>20D 100 % reciclada<\/strong> es duradera y c\u00f3moda.<\/span><\/span><\/li>\n<li><span dir=\"auto\"><span dir=\"auto\">Construcci\u00f3n de capas de olas en todas partes<\/span><\/span><\/li>\n<li><span dir=\"auto\"><span dir=\"auto\">El ajuste alpino maximiza la eficiencia t\u00e9rmica<\/span><\/span><\/li>\n<li><span dir=\"auto\"><span dir=\"auto\">Capucha y reposapi\u00e9s con forma anat\u00f3mica<\/span><\/span><\/li>\n<li><span dir=\"auto\"><span dir=\"auto\">Cremallera deflectora de longitud completa y cuello integrado<\/span><\/span><\/li>\n<li><span dir=\"auto\"><span dir=\"auto\">Se suministra con bolsa de compresi\u00f3n ligera.<\/span><\/span><\/li>\n<\/ul>\n<p><strong><span dir=\"auto\">Caracter\u00edsticas adicionales:<\/span><\/strong><\/p>\n<ul>\n<li><span dir=\"auto\">Bolsa impermeable con cierre enrollable: maximiza el espacio de la mochila y mantiene el equipo seco.<\/span><\/li>\n<\/ul>\n<p><strong><span dir=\"auto\">Tama\u00f1o:<\/span><\/strong><\/p>\n<ul>\n<li>25 x 22 x 21 cm\/10 x 9 x 8 pulgadas<\/li>\n<\/ul>\n<\/div>\n<\/div>\n<\/div>","protected":false},"excerpt":{"rendered":"<p>Una bolsa c\u00e1lida y eficiente con un 90 % de aislamiento POLARLOFT\u00ae reciclado y tejidos 100 % reciclados. Perfecta para condiciones m\u00e1s fr\u00edas y senderismo a mayor altitud.<\/p>\n<p><img loading=\"lazy\" decoding=\"async\" class=\"alignnone wp-image-7357\" src=\"https:\/\/mountainhouse.cl\/wp-content\/uploads\/2021\/06\/Mountain_Equipment_Logo-svg-300x186.png\" alt=\"\" width=\"166\" height=\"103\" srcset=\"https:\/\/mountainhouse.cl\/wp-content\/uploads\/2021\/06\/Mountain_Equipment_Logo-svg-300x186.png 300w, https:\/\/mountainhouse.cl\/wp-content\/uploads\/2021\/06\/Mountain_Equipment_Logo-svg-1024x634.png 1024w, https:\/\/mountainhouse.cl\/wp-content\/uploads\/2021\/06\/Mountain_Equipment_Logo-svg-768x475.png 768w, https:\/\/mountainhouse.cl\/wp-content\/uploads\/2021\/06\/Mountain_Equipment_Logo-svg-1536x951.png 1536w, https:\/\/mountainhouse.cl\/wp-content\/uploads\/2021\/06\/Mountain_Equipment_Logo-svg-600x371.png 600w, https:\/\/mountainhouse.cl\/wp-content\/uploads\/2021\/06\/Mountain_Equipment_Logo-svg.png 2000w\" sizes=\"(max-width: 166px) 100vw, 166px\" \/><\/p>","protected":false},"featured_media":18624,"template":"","meta":{"om_disable_all_campaigns":false,"_uf_show_specific_survey":0,"_uf_disable_surveys":false,"site-sidebar-layout":"default","site-content-layout":"","ast-site-content-layout":"default","site-content-style":"default","site-sidebar-style":"default","ast-global-header-display":"","ast-banner-title-visibility":"","ast-main-header-display":"","ast-hfb-above-header-display":"","ast-hfb-below-header-display":"","ast-hfb-mobile-header-display":"","site-post-title":"","ast-breadcrumbs-content":"","ast-featured-img":"","footer-sml-layout":"","ast-disable-related-posts":"","theme-transparent-header-meta":"default","adv-header-id-meta":"","stick-header-meta":"","header-above-stick-meta":"","header-main-stick-meta":"","header-below-stick-meta":"","astra-migrate-meta-layouts":"set","ast-page-background-enabled":"default","ast-page-background-meta":{"desktop":{"background-color":"","background-image":"","background-repeat":"repeat","background-position":"center center","background-size":"auto","background-attachment":"scroll","background-type":"","background-media":"","overlay-type":"","overlay-color":"","overlay-opacity":"","overlay-gradient":""},"tablet":{"background-color":"","background-image":"","background-repeat":"repeat","background-position":"center center","background-size":"auto","background-attachment":"scroll","background-type":"","background-media":"","overlay-type":"","overlay-color":"","overlay-opacity":"","overlay-gradient":""},"mobile":{"background-color":"","background-image":"","background-repeat":"repeat","background-position":"center center","background-size":"auto","background-attachment":"scroll","background-type":"","background-media":"","overlay-type":"","overlay-color":"","overlay-opacity":"","overlay-gradient":""}},"ast-content-background-meta":{"desktop":{"background-color":"var(--ast-global-color-5)","background-image":"","background-repeat":"repeat","background-position":"center center","background-size":"auto","background-attachment":"scroll","background-type":"","background-media":"","overlay-type":"","overlay-color":"","overlay-opacity":"","overlay-gradient":""},"tablet":{"background-color":"var(--ast-global-color-5)","background-image":"","background-repeat":"repeat","background-position":"center center","background-size":"auto","background-attachment":"scroll","background-type":"","background-media":"","overlay-type":"","overlay-color":"","overlay-opacity":"","overlay-gradient":""},"mobile":{"background-color":"var(--ast-global-color-5)","background-image":"","background-repeat":"repeat","background-position":"center center","background-size":"auto","background-attachment":"scroll","background-type":"","background-media":"","overlay-type":"","overlay-color":"","overlay-opacity":"","overlay-gradient":""}},"_joinchat":[]},"product_brand":[3978],"product_cat":[452,146,145,153,1317,147,857,103,154,118,148,101],"product_tag":[2543,4011,4013,1559,1553,1443,4012,4015,538,712,3717,3563,1441,718,680,4020,1556,3559,4006,4010,4017,209,3979,4008,4007,1557,256,4019,890,243,3561,4005,1562,1555,1552,4021,4001,4018,3999,1560,1561,2360,4014,1070,1558,1554,3558,4000,2501,714,2361],"class_list":["post-18620","product","type-product","status-publish","has-post-thumbnail","product_brand-mountain-equipment","product_cat-antarctica","product_cat-camping","product_cat-equipamiento","product_cat-expedicion","product_cat-winter","product_cat-montana-equipamiento","product_cat-me","product_cat-seguridad","product_cat-seguridad-equipamiento","product_cat-sintetico","product_cat-trekking-equipamiento","product_cat-viaje","product_tag-circuito-o","product_tag-alpine-fit","product_tag-alta-montana","product_tag-bag","product_tag-bolsa-de-dormir","product_tag-bolsa-de-saco-de-dormir","product_tag-box-wall","product_tag-camping-de-invierno","product_tag-carpas","product_tag-cierre","product_tag-circuito-w","product_tag-comfort","product_tag-compresor-de-saco","product_tag-cremallera","product_tag-de","product_tag-diseno-anatomico-femenino","product_tag-dormir","product_tag-down-sleeping-bag","product_tag-dwr-sin-pfas","product_tag-eficiencia-termica","product_tag-equipamiento-tecnico","product_tag-expedicion","product_tag-extreme-light","product_tag-helium-30d","product_tag-material-reciclado","product_tag-mirmir","product_tag-mountain-equipment","product_tag-mujer-outdoor","product_tag-patagonia","product_tag-pluma","product_tag-pluma-de-ganso","product_tag-plumon-de-pato","product_tag-sac","product_tag-saco","product_tag-saco-de-dormir","product_tag-saco-de-dormir-sintetico","product_tag-saco-de-dormir-termico","product_tag-saco-mujer","product_tag-sacos-de-dormir","product_tag-schlafen","product_tag-schlaffen","product_tag-schlaffen-sac","product_tag-senderismo-invernal","product_tag-sintetico","product_tag-sleeping","product_tag-sleeping-bag","product_tag-sleepingbag","product_tag-summer-patagonia-sleeping-bag","product_tag-torres-del-paine","product_tag-zip","product_tag-zipper","desktop-align-left","tablet-align-left","mobile-align-left","first","outofstock","shipping-taxable","purchasable","product-type-variable"],"_links":{"self":[{"href":"https:\/\/mountainhouse.cl\/en\/wp-json\/wp\/v2\/product\/18620","targetHints":{"allow":["GET"]}}],"collection":[{"href":"https:\/\/mountainhouse.cl\/en\/wp-json\/wp\/v2\/product"}],"about":[{"href":"https:\/\/mountainhouse.cl\/en\/wp-json\/wp\/v2\/types\/product"}],"version-history":[{"count":3,"href":"https:\/\/mountainhouse.cl\/en\/wp-json\/wp\/v2\/product\/18620\/revisions"}],"predecessor-version":[{"id":18644,"href":"https:\/\/mountainhouse.cl\/en\/wp-json\/wp\/v2\/product\/18620\/revisions\/18644"}],"wp:featuredmedia":[{"embeddable":true,"href":"https:\/\/mountainhouse.cl\/en\/wp-json\/wp\/v2\/media\/18624"}],"wp:attachment":[{"href":"https:\/\/mountainhouse.cl\/en\/wp-json\/wp\/v2\/media?parent=18620"}],"wp:term":[{"taxonomy":"product_brand","embeddable":true,"href":"https:\/\/mountainhouse.cl\/en\/wp-json\/wp\/v2\/product_brand?post=18620"},{"taxonomy":"product_cat","embeddable":true,"href":"https:\/\/mountainhouse.cl\/en\/wp-json\/wp\/v2\/product_cat?post=18620"},{"taxonomy":"product_tag","embeddable":true,"href":"https:\/\/mountainhouse.cl\/en\/wp-json\/wp\/v2\/product_tag?post=18620"}],"curies":[{"name":"wp","href":"https:\/\/api.w.org\/{rel}","templated":true}]}}