{"id":19254,"date":"2026-03-21T11:11:13","date_gmt":"2026-03-21T14:11:13","guid":{"rendered":"https:\/\/mountainhouse.cl\/?post_type=product&#038;p=19254"},"modified":"2026-03-21T11:54:24","modified_gmt":"2026-03-21T14:54:24","slug":"polar-tecnico-lumiko-mens-zip-t-mountain-equipment","status":"publish","type":"product","link":"https:\/\/mountainhouse.cl\/en\/product\/polar-tecnico-lumiko-mens-zip-t-mountain-equipment\/","title":{"rendered":"POLAR TECNICO LUMIKO MENS ZIP-T MOUNTAIN EQUIPMENT"},"content":{"rendered":"<h6>POLAR TECNICO LUMIKO MENS ZIP-T MOUNTAIN EQUIPMENT<\/h6>\n<p>&nbsp;<\/p>\n<picture class=\"only:my-auto o-picture\"><img decoding=\"async\" class=\"o-img\" src=\"https:\/\/www.mountain-equipment.com\/cdn\/shop\/files\/mountain.png?height=28&amp;v=1683120855&amp;width=28\" sizes=\"28px\" srcset=\"\/\/www.mountain-equipment.com\/cdn\/shop\/files\/mountain.png?height=28&amp;v=1683120855&amp;width=28 28w\" alt=\"\" width=\"28\" height=\"28\" data-src=\"\/\/www.mountain-equipment.com\/cdn\/shop\/files\/mountain.png?height=28&amp;v=1683120855&amp;width=28\" data-srcset=\"\/\/www.mountain-equipment.com\/cdn\/shop\/files\/mountain.png?height=28&amp;v=1683120855&amp;width=28 28w\" \/> <\/picture><span dir=\"auto\">Ideal para: Escalada en roca, senderismo y trekking de monta\u00f1a.<\/span><\/p>\n<picture class=\"only:my-auto o-picture\"><img decoding=\"async\" class=\"o-img\" src=\"https:\/\/www.mountain-equipment.com\/cdn\/shop\/files\/weight.png?height=28&amp;v=1683120855&amp;width=28\" sizes=\"28px\" srcset=\"\/\/www.mountain-equipment.com\/cdn\/shop\/files\/weight.png?height=28&amp;v=1683120855&amp;width=28 28w\" alt=\"\" width=\"28\" height=\"28\" data-src=\"\/\/www.mountain-equipment.com\/cdn\/shop\/files\/weight.png?height=28&amp;v=1683120855&amp;width=28\" data-srcset=\"\/\/www.mountain-equipment.com\/cdn\/shop\/files\/weight.png?height=28&amp;v=1683120855&amp;width=28 28w\" \/> <\/picture><span dir=\"auto\">Peso: 230 g\/8,1 oz<\/span><\/p>\n<div id=\"shopify-section-template--24640604012926__4703b2d0-e834-43bd-a893-81bb76004271\" class=\"shopify-section o-row\">\n<div class=\"content gap-y-5 text-primary \" data-position=\"center\">\n<h6 class=\"leading-1 font-heading text-3xl lg:text-5xl\"><span dir=\"auto\">Polar ligero con cierre Zip T para hombre Lumiko.<\/span><\/h6>\n<\/div>\n<\/div>\n<div id=\"shopify-section-template--24640604012926__028408f0-485c-4c4c-a0b6-55098cb786f9\" class=\"shopify-section o-row tabs\">\n<div class=\"flex flex-col w-full text-lg text-black font-heading font-regular max-w-[1016px] m-auto\">\n<div>\n<div class=\"c-collection__header_desc js-read-more\">\n<div class=\"js-read-more-inner is-active\">\n<div class=\"c-collection__header_desc-full rte text-grey-85\">\n<p><span dir=\"auto\">Entre nuestras prendas de forro polar m\u00e1s ligeras, la Lumiko ofrece <strong>transpirabilidad, secado r\u00e1pido y una excelente relaci\u00f3n calidez-peso<\/strong>. <\/span><\/p>\n<p><span dir=\"auto\">Ligera y compacta, se puede usar como capa base para largas caminatas invernales o como capa intermedia ligera para excursiones veraniegas.\u00a0<\/span><\/p>\n<p><span dir=\"auto\">Confeccionada con un<strong> 93 % de materiales reciclados<\/strong>, esta prenda de forro polar el\u00e1stico de alto rendimiento es suave y transpirable, mientras que su dise\u00f1o acanalado reduce el peso y el volumen sin sacrificar la calidez. <\/span><\/p>\n<p><span dir=\"auto\">Las costuras reforzadas garantizan una comodidad duradera en contacto con la piel, incluso con mochila o arn\u00e9s, o tras sudar.<\/span><\/p>\n<p><span dir=\"auto\">Su <strong>corte ajustado y activo<\/strong>, junto con los pu\u00f1os discretos, est\u00e1n dise\u00f1ados para reducir el volumen y facilitar la superposici\u00f3n de capas, mientras que su excelente elasticidad permite moverse con libertad por terrenos dif\u00edciles. <\/span><\/p>\n<p><span dir=\"auto\">La cremallera frontal central permite <strong>regular la temperatura corporal<\/strong> durante el ejercicio intenso o subirla r\u00e1pidamente al anochecer. Un bolsillo con cremallera en el pecho permite guardar objetos esenciales, como aperitivos o el tel\u00e9fono.<\/span><\/p>\n<\/div>\n<\/div>\n<\/div>\n<\/div>\n<\/div>\n<\/div>\n<p>Es una de nuestras chaquetas m\u00e1s vers\u00e1tiles y se usa a menudo para todo, desde senderismo y trekking hasta esqu\u00ed de traves\u00eda y escalada alpina.<\/p>\n<div>\n<p class=\"flex flex-nowrap font-heading text-lg\"><strong>Caracter\u00edsticas.<\/strong><\/p>\n<\/div>\n<div class=\"c-wysiwyg c-wysiwyg--feature-tab-content c-wysiwyg--feature-tab-content-md pt-5 pb-5 lg:pr-8 lg:pl-8\">\n<div class=\"text-md\">\n<div class=\"metafield-rich_text_field\">\n<ul>\n<li><strong><span dir=\"auto\">Materiales<\/span><\/strong>\n<ul>\n<li><span dir=\"auto\">Forro polar el\u00e1stico cepillado en el reverso con estructura interna de &#8220;branquias&#8221;, para una calidez ligera (162 g m-2).<\/span><\/li>\n<\/ul>\n<p><strong><span dir=\"auto\">Patrones y dise\u00f1o<\/span><\/strong><\/p>\n<ul>\n<li><span dir=\"auto\">Ajuste activo para una total libertad de movimiento sin exceso de tela.<\/span><\/li>\n<li><span dir=\"auto\">Las costuras reforzadas en toda la prenda ofrecen una mayor comodidad en contacto con la piel.<\/span><\/li>\n<li><span dir=\"auto\">El cuello alto protege del viento y del sol.<\/span><\/li>\n<\/ul>\n<p><strong><span dir=\"auto\">Configuraci\u00f3n de bolsillo<\/span><\/strong><\/p>\n<ul>\n<li><span dir=\"auto\">1 bolsillo en el pecho con cremallera para guardar objetos esenciales.<\/span><\/li>\n<\/ul>\n<p><strong><span dir=\"auto\">Cremallera frontal central<\/span><\/strong><\/p>\n<ul>\n<li><span dir=\"auto\">Cremallera frontal central profunda YKK\u00ae para ventilaci\u00f3n<\/span><\/li>\n<\/ul>\n<p><strong><span dir=\"auto\">Configuraci\u00f3n de pu\u00f1os y mangas<\/span><\/strong><\/p>\n<ul>\n<li><span dir=\"auto\">pu\u00f1os de poco volumen<\/span><\/li>\n<\/ul>\n<p><strong><span dir=\"auto\">Construcci\u00f3n de cintura y dobladillo<\/span><\/strong><\/p>\n<ul>\n<li><span dir=\"auto\">El dobladillo de poco volumen se ajusta c\u00f3modamente debajo de un arn\u00e9s o cintur\u00f3n de mochila.<\/span><\/li>\n<\/ul>\n<p><strong><span dir=\"auto\">Caracter\u00edsticas adicionales<\/span><\/strong><\/p>\n<ul>\n<li><span dir=\"auto\">Dise\u00f1ado y desarrollado en el Reino Unido.<\/span><\/li>\n<li><span dir=\"auto\">Dise\u00f1ado para durar. Respaldado por nuestra garant\u00eda de por vida del producto.<\/span><\/li>\n<li><span dir=\"auto\">Mountain Equipment es miembro de la Fundaci\u00f3n Fair Wear.<\/span><\/li>\n<\/ul>\n<p><strong style=\"font-size: 16px;\">Peso: 270 g\/9,5 oz<\/strong><\/li>\n<\/ul>\n<\/div>\n<\/div>\n<\/div>\n<div>\n<p class=\"flex flex-nowrap font-heading text-lg\"><strong>Gu\u00eda de lavado y cuidado<\/strong><\/p>\n<\/div>\n<div class=\"c-wysiwyg c-wysiwyg--feature-tab-content c-wysiwyg--feature-tab-content-md pt-5 pb-5 lg:pr-8 lg:pl-8\">\n<div class=\"metafield-rich_text_field\">\n<div class=\"inline-flex flex-col lg:flex-row w-full lg:w-1\/2\">\n<p class=\"font-heading lg:mb-0 mb-3 lg:w-1\/4\"><strong>Lavado &#8211;\u00a0<\/strong><span style=\"font-size: 16px;\">Lavar a m\u00e1quina a 30\u00b0C con detergente l\u00edquido o un limpiador especializado. <\/span><\/p>\n<p class=\"font-heading lg:mb-0 mb-3 lg:w-1\/4\"><strong>El secado &#8211;\u00a0<\/strong><span style=\"font-size: 16px;\">Secar al aire.\u00a0<\/span><\/p>\n<\/div>\n<div class=\"inline-flex flex-col lg:flex-row w-full lg:w-1\/2\">\n<p class=\"font-heading lg:mb-0 mb-3 lg:w-1\/4\"><strong>Almacenamiento &#8211;\u00a0<\/strong><span style=\"font-size: 16px;\">Conservar en un lugar fresco y seco, alejado de la luz solar directa.<\/span><\/p>\n<\/div>\n<\/div>\n<\/div>\n","protected":false},"excerpt":{"rendered":"<div class=\"product__details__short-description\">\n<div class=\"rte text-black text-md\"><span class=\"metafield-multi_line_text_field\"><span dir=\"auto\">Una capa intermedia de polar ligero, ajustado y de secado r\u00e1pido, ideal para senderismo y monta\u00f1ismo.<\/span><\/span><\/div>\n<\/div>\n<p><img decoding=\"async\" class=\"alignnone wp-image-7357\" src=\"https:\/\/mountainhouse.cl\/wp-content\/uploads\/2021\/06\/Mountain_Equipment_Logo-svg-300x186.png\" alt=\"\" width=\"177\" height=\"110\" srcset=\"https:\/\/mountainhouse.cl\/wp-content\/uploads\/2021\/06\/Mountain_Equipment_Logo-svg-300x186.png 300w, https:\/\/mountainhouse.cl\/wp-content\/uploads\/2021\/06\/Mountain_Equipment_Logo-svg-1024x634.png 1024w, https:\/\/mountainhouse.cl\/wp-content\/uploads\/2021\/06\/Mountain_Equipment_Logo-svg-768x475.png 768w, https:\/\/mountainhouse.cl\/wp-content\/uploads\/2021\/06\/Mountain_Equipment_Logo-svg-1536x951.png 1536w, https:\/\/mountainhouse.cl\/wp-content\/uploads\/2021\/06\/Mountain_Equipment_Logo-svg-600x371.png 600w, https:\/\/mountainhouse.cl\/wp-content\/uploads\/2021\/06\/Mountain_Equipment_Logo-svg.png 2000w\" sizes=\"(max-width: 177px) 100vw, 177px\" \/><\/p>","protected":false},"featured_media":19265,"template":"","meta":{"om_disable_all_campaigns":false,"_uf_show_specific_survey":0,"_uf_disable_surveys":false,"site-sidebar-layout":"default","site-content-layout":"","ast-site-content-layout":"default","site-content-style":"default","site-sidebar-style":"default","ast-global-header-display":"","ast-banner-title-visibility":"","ast-main-header-display":"","ast-hfb-above-header-display":"","ast-hfb-below-header-display":"","ast-hfb-mobile-header-display":"","site-post-title":"","ast-breadcrumbs-content":"","ast-featured-img":"","footer-sml-layout":"","ast-disable-related-posts":"","theme-transparent-header-meta":"default","adv-header-id-meta":"","stick-header-meta":"","header-above-stick-meta":"","header-main-stick-meta":"","header-below-stick-meta":"","astra-migrate-meta-layouts":"set","ast-page-background-enabled":"default","ast-page-background-meta":{"desktop":{"background-color":"","background-image":"","background-repeat":"repeat","background-position":"center center","background-size":"auto","background-attachment":"scroll","background-type":"","background-media":"","overlay-type":"","overlay-color":"","overlay-opacity":"","overlay-gradient":""},"tablet":{"background-color":"","background-image":"","background-repeat":"repeat","background-position":"center center","background-size":"auto","background-attachment":"scroll","background-type":"","background-media":"","overlay-type":"","overlay-color":"","overlay-opacity":"","overlay-gradient":""},"mobile":{"background-color":"","background-image":"","background-repeat":"repeat","background-position":"center center","background-size":"auto","background-attachment":"scroll","background-type":"","background-media":"","overlay-type":"","overlay-color":"","overlay-opacity":"","overlay-gradient":""}},"ast-content-background-meta":{"desktop":{"background-color":"var(--ast-global-color-5)","background-image":"","background-repeat":"repeat","background-position":"center center","background-size":"auto","background-attachment":"scroll","background-type":"","background-media":"","overlay-type":"","overlay-color":"","overlay-opacity":"","overlay-gradient":""},"tablet":{"background-color":"var(--ast-global-color-5)","background-image":"","background-repeat":"repeat","background-position":"center center","background-size":"auto","background-attachment":"scroll","background-type":"","background-media":"","overlay-type":"","overlay-color":"","overlay-opacity":"","overlay-gradient":""},"mobile":{"background-color":"var(--ast-global-color-5)","background-image":"","background-repeat":"repeat","background-position":"center center","background-size":"auto","background-attachment":"scroll","background-type":"","background-media":"","overlay-type":"","overlay-color":"","overlay-opacity":"","overlay-gradient":""}},"_joinchat":[]},"product_brand":[],"product_cat":[452,422,145,153,31,1317,102,147,152,857,151,389,455,128],"product_tag":[3444,3464,4283,271,3447,1067,4294,4268,4287,4263,3463,242,1374,221,4281,4282,244,4289,4284,281,4271,4286,489,3466,4293,3462,1699,4262,4264,3465,1068,1069,4242,256,4290,4270,4291,282,1346,4266,4267,4276,3446,314,4274,4273,4269,4279,4278,4288,4285,4292,4272,310,1070,4280,1345,3443,4265,4277,1387,4275],"class_list":["post-19254","product","type-product","status-publish","has-post-thumbnail","product_cat-antarctica","product_cat-chaquetash","product_cat-equipamiento","product_cat-expedicion","product_cat-hombre","product_cat-winter","product_cat-lifestyle","product_cat-montana-equipamiento","product_cat-moto","product_cat-me","product_cat-pesca","product_cat-ski-snowboard","product_cat-vestuarioh","product_cat-vestuario","product_tag-abrigo-sintetico","product_tag-acanalado","product_tag-aislamiento-activo","product_tag-base-layer","product_tag-capa-de-abrigo-sintetica","product_tag-capa-intermedia","product_tag-capa-media-lumiko","product_tag-capa-media-tecnica","product_tag-capas-para-expedicion","product_tag-channel","product_tag-channel-fleece","product_tag-chaqueta-de-pluma","product_tag-corta-viento","product_tag-cortaviento","product_tag-costuras-planas","product_tag-coverstitched","product_tag-down","product_tag-equipamiento-para-torres-del-paine","product_tag-equipo-para-escalada","product_tag-fleece","product_tag-fleece-de-montana","product_tag-hiking-y-senderismo","product_tag-jacket","product_tag-light-fleece","product_tag-mejor-polar-para-escalada","product_tag-micro-fleece","product_tag-micro-polar","product_tag-micro-polar-acanalado","product_tag-microfleece","product_tag-micropolar","product_tag-mid-layer","product_tag-midlayer","product_tag-montanismo-tecnico","product_tag-mountain-equipment","product_tag-mountain-equipment-chile","product_tag-mountain-equipment-lumiko","product_tag-mountain-house-patagonia","product_tag-polar","product_tag-polar-elastico","product_tag-polar-tecnico","product_tag-polar-tecnico-hombre","product_tag-polar-transpirable","product_tag-polarloft","product_tag-polartec","product_tag-polera-con-cierre-en-el-pecho","product_tag-polera-con-cierre-en-el-pecho-zip-t","product_tag-polera-termica-ligera","product_tag-poliester-reciclado","product_tag-proteccion-termica-ligera","product_tag-ropa-de-montana-punta-arenas","product_tag-ropa-para-trekking-patagonia","product_tag-ropa-tecnica-de-alta-gama","product_tag-ropa-tecnica-outdoor-hombre","product_tag-secado-rapido","product_tag-sintetico","product_tag-sostenibilidad","product_tag-stretch","product_tag-synthetic","product_tag-technical-fleece","product_tag-tejido-elastico","product_tag-tela-ripstop","product_tag-zip-t","desktop-align-left","tablet-align-left","mobile-align-left","first","instock","shipping-taxable","purchasable","product-type-variable"],"_links":{"self":[{"href":"https:\/\/mountainhouse.cl\/en\/wp-json\/wp\/v2\/product\/19254","targetHints":{"allow":["GET"]}}],"collection":[{"href":"https:\/\/mountainhouse.cl\/en\/wp-json\/wp\/v2\/product"}],"about":[{"href":"https:\/\/mountainhouse.cl\/en\/wp-json\/wp\/v2\/types\/product"}],"version-history":[{"count":1,"href":"https:\/\/mountainhouse.cl\/en\/wp-json\/wp\/v2\/product\/19254\/revisions"}],"predecessor-version":[{"id":19307,"href":"https:\/\/mountainhouse.cl\/en\/wp-json\/wp\/v2\/product\/19254\/revisions\/19307"}],"wp:featuredmedia":[{"embeddable":true,"href":"https:\/\/mountainhouse.cl\/en\/wp-json\/wp\/v2\/media\/19265"}],"wp:attachment":[{"href":"https:\/\/mountainhouse.cl\/en\/wp-json\/wp\/v2\/media?parent=19254"}],"wp:term":[{"taxonomy":"product_brand","embeddable":true,"href":"https:\/\/mountainhouse.cl\/en\/wp-json\/wp\/v2\/product_brand?post=19254"},{"taxonomy":"product_cat","embeddable":true,"href":"https:\/\/mountainhouse.cl\/en\/wp-json\/wp\/v2\/product_cat?post=19254"},{"taxonomy":"product_tag","embeddable":true,"href":"https:\/\/mountainhouse.cl\/en\/wp-json\/wp\/v2\/product_tag?post=19254"}],"curies":[{"name":"wp","href":"https:\/\/api.w.org\/{rel}","templated":true}]}}